{"id":6797,"date":"2026-05-25T19:49:25","date_gmt":"2026-05-25T17:49:25","guid":{"rendered":"https:\/\/bett.n4w.at\/?post_type=product&#038;p=6797"},"modified":"2026-08-20T13:41:48","modified_gmt":"2026-08-20T11:41:48","slug":"sommerdaunendecke-spring-rose-lyocell","status":"publish","type":"product","link":"https:\/\/seibersdorfer.at\/en\/produkt\/sommerdaunendecke-spring-rose-lyocell\/","title":{"rendered":"Sommerdaunendecke Spring Rose Lyocell"},"content":{"rendered":"<h2>Sommerdaunendecke Spring Rose Lyocell \u2013 Premium-Schlafkomfort mit nachhaltigem Naturmaterial<\/h2>\n<p>Die Sommerdaunendecke Spring Rose Lyocell vereint h\u00f6chste Daunenqualit\u00e4t mit einem innovativen, nachhaltigen Bezugsmaterial: Lyocell\/Baumwollsatin. Diese Faser wird aus nat\u00fcrlichem Holz gewonnen, ist besonders hautfreundlich und reguliert Feuchtigkeit optimal \u2013 perfekt f\u00fcr warme N\u00e4chte und Personen mit empfindlicher Haut. Mit 100% neuer wei\u00dfer \u00f6sterreichischer G\u00e4nsedaune der Klasse 1 gef\u00fcllt, bietet diese Decke puren Luxus f\u00fcr erholsamen Schlaf.<\/p>\n<h3>Warum Lyocell? Der Naturstoff mit besonderen Eigenschaften<\/h3>\n<p>Lyocell z\u00e4hlt zu den innovativsten Textilfasern unserer Zeit. Aus nachhaltig gewonnener Zellulose hergestellt, \u00fcberzeugt der Stoff durch seine au\u00dfergew\u00f6hnliche Feuchtigkeitsaufnahme, angenehme K\u00fchle auf der Haut und hohe Atmungsaktivit\u00e4t. In Kombination mit Baumwollsatin entsteht ein besonders weicher, geschmeidiger Bezug, der sich ideal f\u00fcr die Sommermonate sowie f\u00fcr Personen mit hoher K\u00f6rperw\u00e4rme eignet.<\/p>\n<h3>Ideal f\u00fcr beheizte Zimmer und warme Schl\u00e4fer<\/h3>\n<p>Mit W\u00e4rmestufe 2 ist die Sommerdaunendecke Spring Rose Lyocell etwas w\u00e4rmer als klassische Ultra-Light-Sommerdecken und daher besonders f\u00fcr beheizte Zimmer sowie f\u00fcr Personen mit erh\u00f6hter K\u00f6rperw\u00e4rme geeignet. Der NOMITE\u00ae-Milbenschutz sorgt zus\u00e4tzlich daf\u00fcr, dass diese Decke auch f\u00fcr Allergiker bestens geeignet ist \u2013 ohne Kompromisse beim Schlafkomfort.<\/p>\n\n<table id=\"tablepress-4\" class=\"tablepress tablepress-id-4 tbody-has-connected-cells\">\n<thead>\n<tr class=\"row-1\">\n\t<th colspan=\"2\" class=\"column-1\"><h3>Siegel:<\/h3><\/th>\n<\/tr>\n<\/thead>\n<tbody class=\"row-striping row-hover\">\n<tr class=\"row-2\">\n\t<td colspan=\"2\" class=\"column-1\"><h4>NOMITE\u00ae-Milbenschutz \u2013 ideal f\u00fcr Allergiker<\/h4><\/td>\n<\/tr>\n<tr class=\"row-3\">\n\t<td class=\"column-1\"><img decoding=\"async\" src=\"data:image\/svg+xml,%3Csvg%20xmlns%3D%27http%3A%2F%2Fwww.w3.org%2F2000%2Fsvg%27%20width%3D%27330%27%20height%3D%27126%27%20viewBox%3D%270%200%20330%20126%27%3E%3Crect%20width%3D%27330%27%20height%3D%27126%27%20fill-opacity%3D%220%22%2F%3E%3C%2Fsvg%3E\" data-orig-src=\"https:\/\/seibersdorfer.at\/wp-content\/uploads\/2026\/05\/nomite-1.png\" alt=\"nomite\" width=\"330\" height=\"126\" class=\"lazyload alignnone size-full wp-image-275\" \/><\/td><td class=\"column-2\">Durch die federn- und Daunendichte Webart werden Milben abgewiesen.<\/td>\n<\/tr>\n<tr class=\"row-4\">\n\t<td colspan=\"2\" class=\"column-1\"><h4>OEKO-TEX\u00ae STANDARD 100<\/h4><\/td>\n<\/tr>\n<tr class=\"row-5\">\n\t<td class=\"column-1\"><img decoding=\"async\" src=\"data:image\/svg+xml,%3Csvg%20xmlns%3D%27http%3A%2F%2Fwww.w3.org%2F2000%2Fsvg%27%20width%3D%27300%27%20height%3D%27174%27%20viewBox%3D%270%200%20300%20174%27%3E%3Crect%20width%3D%27300%27%20height%3D%27174%27%20fill-opacity%3D%220%22%2F%3E%3C%2Fsvg%3E\" data-orig-src=\"https:\/\/seibersdorfer.at\/wp-content\/uploads\/2026\/05\/62920_GREEN-600x347-1.png\" alt=\"\" width=\"300\" height=\"174\" class=\"lazyload alignnone size-medium wp-image-8224\" \/><a href=\"https:\/\/www.oeko-tex.com\/de\/\" target=\"_blank\" rel=\"noopener\"><\/a><\/td><td class=\"column-2\">Der OEKO-TEX\u00ae STANDARD 100 ist ein Label f\u00fcr schadstoffgepr\u00fcfte Textilien. Es setzt den Ma\u00dfstab f\u00fcr textile Sicherheit, vom Garn bis zum fertigen Produkt.<\/td>\n<\/tr>\n<\/tbody>\n<\/table>\n<!-- #tablepress-4 from cache -->\n<h3>Alle Fakten zur Sommerdaunendecke Spring Rose Lyocell auf einen Blick<\/h3>\n<ul>\n<li>\ud83e\udeb6 <strong>F\u00fcllung:<\/strong> 100% neue wei\u00dfe \u00f6sterreichische G\u00e4nsedaune, Klasse 1<\/li>\n<li>\ud83e\uddf5 <strong>Bezug (Inlett):<\/strong> 135er Lyocell\/Baumwollsatin<\/li>\n<li>\ud83c\udf21\ufe0f <strong>W\u00e4rmestufe:<\/strong> 2 \u2013 ideal f\u00fcr beheizte Zimmer &amp; warme Schl\u00e4fer<\/li>\n<li>\ud83d\udccf <strong>Erh\u00e4ltliche Gr\u00f6\u00dfen:<\/strong> 140&#215;200 cm | 140&#215;220 cm<\/li>\n<li>\ud83e\uddfa <strong>Pflege:<\/strong> Waschbar bis 40\u00b0C<\/li>\n<li>\ud83c\udfc5 <strong>Zertifikate:<\/strong> NOMITE\u00ae Milbenschutz | OEKO-TEX\u00ae Standard 100<\/li>\n<li>\ud83c\udde6\ud83c\uddf9 <strong>Herkunft:<\/strong> Made in Austria<\/li>\n<li>\u267b\ufe0f <strong>Besonderheiten:<\/strong> Nachhaltiges Lyocell, tierfreundliche Daunen<\/li>\n<\/ul>\n<p>Die Sommerdaunendecke Spring Rose Lyocell ist die perfekte Wahl f\u00fcr alle, die h\u00f6chsten Schlafkomfort mit nachhaltigen, hautfreundlichen Materialien verbinden m\u00f6chten \u2013 made in Austria.<\/p>\n<p>&nbsp;<\/p>\n","protected":false},"excerpt":{"rendered":"<p>Die Sommerdaunendecke Spring Rose Lyocell \u00fcberzeugt mit 100% \u00f6sterreichischer G\u00e4nsedaune (Klasse 1) und nachhaltigem Lyocell\/Baumwollsatin \u2013 besonders hautfreundlich und feuchtigkeitsregulierend. Ideal f\u00fcr beheizte Zimmer und Warmschl\u00e4fer. NOMITE\u00ae-Milbenschutz f\u00fcr Allergiker.<\/p>\n","protected":false},"featured_media":6827,"template":"","meta":{"_acf_changed":false},"product_brand":[],"product_cat":[57,72,76,77,60],"product_tag":[73,64,78,79,68,80],"class_list":["post-6797","product","type-product","status-publish","has-post-thumbnail","product_cat-decken","product_cat-feng-shui","product_cat-sommerdecke","product_cat-waermestufe-2","product_cat-waermestufen","product_tag-feng-shui","product_tag-fuer-allergiker-geeignet","product_tag-fuer-beheizte-zimmer","product_tag-fuer-personen-mit-hoher-koerperwaerme","product_tag-oesterreichisches-erzeugnis","product_tag-sommerdecke","first","instock","taxable","shipping-taxable","purchasable","product-type-variable","has-default-attributes","has-product-safety-information"],"acf":[],"_links":{"self":[{"href":"https:\/\/seibersdorfer.at\/en\/wp-json\/wp\/v2\/product\/6797","targetHints":{"allow":["GET"]}}],"collection":[{"href":"https:\/\/seibersdorfer.at\/en\/wp-json\/wp\/v2\/product"}],"about":[{"href":"https:\/\/seibersdorfer.at\/en\/wp-json\/wp\/v2\/types\/product"}],"wp:featuredmedia":[{"embeddable":true,"href":"https:\/\/seibersdorfer.at\/en\/wp-json\/wp\/v2\/media\/6827"}],"wp:attachment":[{"href":"https:\/\/seibersdorfer.at\/en\/wp-json\/wp\/v2\/media?parent=6797"}],"wp:term":[{"taxonomy":"product_brand","embeddable":true,"href":"https:\/\/seibersdorfer.at\/en\/wp-json\/wp\/v2\/product_brand?post=6797"},{"taxonomy":"product_cat","embeddable":true,"href":"https:\/\/seibersdorfer.at\/en\/wp-json\/wp\/v2\/product_cat?post=6797"},{"taxonomy":"product_tag","embeddable":true,"href":"https:\/\/seibersdorfer.at\/en\/wp-json\/wp\/v2\/product_tag?post=6797"}],"curies":[{"name":"wp","href":"https:\/\/api.w.org\/{rel}","templated":true}]}}