{"id":6501,"date":"2026-05-25T19:48:54","date_gmt":"2026-05-25T17:48:54","guid":{"rendered":"https:\/\/bett.n4w.at\/?post_type=product&#038;p=6501"},"modified":"2026-08-26T11:50:57","modified_gmt":"2026-08-26T09:50:57","slug":"kassettenstegdecke-wash-fit-20","status":"publish","type":"product","link":"https:\/\/seibersdorfer.at\/en\/produkt\/kassettenstegdecke-wash-fit-20\/","title":{"rendered":"Kassettenstegdecke Wash Fit 20"},"content":{"rendered":"<h2>Kassettenstegdecke Wash Fit 20 \u2013 pflegeleicht &amp; preisbewusst<\/h2>\n<p>Die Kassettenstegdecke Wash Fit 20 ist Teil unserer Wash-Fit-Serie \u2013 speziell entwickelt f\u00fcr alle, die eine pflegeleichte, waschbare Ganzjahresdecke zu einem fairen Preis suchen. Gef\u00fcllt mit 80% naturwei\u00dfen moldavischen Enten-\/G\u00e4nsefedern und 20% Daunen (garantiert kein Lebendrupf), umh\u00fcllt von einem robusten 100% Baumwoll-Inlett, ist diese Decke ideal f\u00fcr den regelm\u00e4\u00dfigen Einsatz.<\/p>\n<h3>Was ist eine Kassettenstegdecke?<\/h3>\n<p>Die F\u00fcllung ist in kleinen, einzeln vern\u00e4hten Kammern fixiert. Das verhindert ein Verrutschen der Federn und Daunen und sorgt f\u00fcr eine gleichm\u00e4\u00dfige, dauerhaft stabile W\u00e4rmeverteilung \u2013 auch nach vielen Waschg\u00e4ngen.<\/p>\n<h3>Warum \u201eWash Fit&#8221;?<\/h3>\n<p>Der Name steht f\u00fcr Programm: Diese Serie ist speziell f\u00fcr die Haushaltsw\u00e4sche bis 60\u00b0C ausgelegt \u2013 ganz ohne Qualit\u00e4tsverlust bei Bausch und W\u00e4rmeleistung. Perfekt f\u00fcr G\u00e4stezimmer, Ferienwohnungen oder alle, die eine unkomplizierte, hygienische Decke im Alltag sch\u00e4tzen.<\/p>\n<h3>Was bedeutet W\u00e4rmestufe 3?<\/h3>\n<p>Diese Decke bietet eine ausgewogene W\u00e4rmeleistung f\u00fcr das ganze Jahr. Geeignet f\u00fcr k\u00fchle oder schlecht beheizte R\u00e4ume, die \u00dcbergangszeit sowie Menschen, die leicht frieren.<\/p>\n\n<table id=\"tablepress-4\" class=\"tablepress tablepress-id-4 tbody-has-connected-cells\">\n<thead>\n<tr class=\"row-1\">\n\t<th colspan=\"2\" class=\"column-1\"><h3>Siegel:<\/h3><\/th>\n<\/tr>\n<\/thead>\n<tbody class=\"row-striping row-hover\">\n<tr class=\"row-2\">\n\t<td colspan=\"2\" class=\"column-1\"><h4>NOMITE\u00ae-Milbenschutz \u2013 ideal f\u00fcr Allergiker<\/h4><\/td>\n<\/tr>\n<tr class=\"row-3\">\n\t<td class=\"column-1\"><img decoding=\"async\" src=\"data:image\/svg+xml,%3Csvg%20xmlns%3D%27http%3A%2F%2Fwww.w3.org%2F2000%2Fsvg%27%20width%3D%27330%27%20height%3D%27126%27%20viewBox%3D%270%200%20330%20126%27%3E%3Crect%20width%3D%27330%27%20height%3D%27126%27%20fill-opacity%3D%220%22%2F%3E%3C%2Fsvg%3E\" data-orig-src=\"https:\/\/seibersdorfer.at\/wp-content\/uploads\/2026\/05\/nomite-1.png\" alt=\"nomite\" width=\"330\" height=\"126\" class=\"lazyload alignnone size-full wp-image-275\" \/><\/td><td class=\"column-2\">Durch die federn- und Daunendichte Webart werden Milben abgewiesen.<\/td>\n<\/tr>\n<tr class=\"row-4\">\n\t<td colspan=\"2\" class=\"column-1\"><h4>OEKO-TEX\u00ae STANDARD 100<\/h4><\/td>\n<\/tr>\n<tr class=\"row-5\">\n\t<td class=\"column-1\"><img decoding=\"async\" src=\"data:image\/svg+xml,%3Csvg%20xmlns%3D%27http%3A%2F%2Fwww.w3.org%2F2000%2Fsvg%27%20width%3D%27300%27%20height%3D%27174%27%20viewBox%3D%270%200%20300%20174%27%3E%3Crect%20width%3D%27300%27%20height%3D%27174%27%20fill-opacity%3D%220%22%2F%3E%3C%2Fsvg%3E\" data-orig-src=\"https:\/\/seibersdorfer.at\/wp-content\/uploads\/2026\/05\/62920_GREEN-600x347-1.png\" alt=\"\" width=\"300\" height=\"174\" class=\"lazyload alignnone size-medium wp-image-8224\" \/><a href=\"https:\/\/www.oeko-tex.com\/de\/\" target=\"_blank\" rel=\"noopener\"><\/a><\/td><td class=\"column-2\">Der OEKO-TEX\u00ae STANDARD 100 ist ein Label f\u00fcr schadstoffgepr\u00fcfte Textilien. Es setzt den Ma\u00dfstab f\u00fcr textile Sicherheit, vom Garn bis zum fertigen Produkt.<\/td>\n<\/tr>\n<\/tbody>\n<\/table>\n<!-- #tablepress-4 from cache -->\n<h3>Alle Fakten auf einen Blick<\/h3>\n<ul>\n<li>\ud83e\udeb6 <strong>F\u00fcllung:<\/strong> moldavische Enten-\/G\u00e4nsefedern, 80% Federn und 20% Daunen, kein Lebendrupf<\/li>\n<li>\ud83e\uddf5 <strong>Bezug (Inlett):<\/strong> 100% Baumwolle, 40\/40, 70er Einsch\u00fctte<\/li>\n<li>\ud83e\udde9 <strong>Konstruktion:<\/strong> Kassettensteg \u2013 fixierte F\u00fcllkammern, keine Verschiebung<\/li>\n<li><strong>\ud83e\udde9 Stegh\u00f6he<\/strong>: Innensteg 1,5 cm<\/li>\n<li>\ud83c\udff7\ufe0f <strong>Serie:<\/strong> Wash Fit \u2013 pflegeleicht &amp; waschbar bis 60\u00b0C<\/li>\n<li>\ud83c\udf21\ufe0f <strong>W\u00e4rmestufe:<\/strong> 3 \u2013 Ganzjahresdecke<\/li>\n<li>\ud83d\udccf <strong>Gr\u00f6\u00dfen:<\/strong> 140&#215;200 | 140&#215;220 | 200&#215;200 | 200&#215;220 cm<\/li>\n<li>\ud83e\uddfa <strong>Pflege:<\/strong> Waschmaschine 60\u00b0C, trocknergeeignet<\/li>\n<li>\ud83c\udfc5 <strong>Zertifikate:<\/strong> NOMITE\u00ae | OEKO-TEX\u00ae Standard 100<\/li>\n<li>\ud83c\udde6\ud83c\uddf9 <strong>Herkunft:<\/strong> Made in Austria<\/li>\n<\/ul>\n<p>Die Kassettenstegdecke Wash Fit 20 ist die perfekte Wahl f\u00fcr alle, die Wert auf Pflegeleichtigkeit, Hygiene und ein gutes Preis-Leistungs-Verh\u00e4ltnis legen \u2013 ideal f\u00fcr G\u00e4stezimmer, Ferienwohnungen oder den t\u00e4glichen Gebrauch.<\/p>\n<p><em>\ud83d\udca1 Sie m\u00f6chten mehr Daunenanteil f\u00fcr noch mehr Kuscheligkeit? Entdecken Sie die <a href=\"https:\/\/seibersdorfer.at\/produkt\/kassettenstegdecke-wash-fit-90\/\">Kassettenstegdecke Wash Fit 90<\/a> mit h\u00f6herem Daunenanteil.<\/em><\/p>\n","protected":false},"excerpt":{"rendered":"<p>Die Kassettenstegdecke Wash Fit 20 \u00fcberzeugt mit pflegeleichter Waschbarkeit bis 60\u00b0C und fairem Preis. NOMITE\u00ae- und OEKO-TEX\u00ae-zertifiziert. Ideal f\u00fcr G\u00e4stezimmer &amp; Ferienwohnungen.<\/p>\n","protected":false},"featured_media":6530,"template":"","meta":{"_acf_changed":false},"product_brand":[],"product_cat":[57,58,61,60,63],"product_tag":[64,65,66,67,68],"class_list":["post-6501","product","type-product","status-publish","has-post-thumbnail","product_cat-decken","product_cat-ganzjahresdecke","product_cat-waermestufe-3","product_cat-waermestufen","product_cat-wash-fit","product_tag-fuer-allergiker-geeignet","product_tag-fuer-personen-mit-geringer-koerperwaerme","product_tag-fuer-unbeheizte-zimmer","product_tag-ganzjahresdecke","product_tag-oesterreichisches-erzeugnis","first","instock","taxable","shipping-taxable","purchasable","product-type-variable","has-default-attributes","has-product-safety-information"],"acf":[],"_links":{"self":[{"href":"https:\/\/seibersdorfer.at\/en\/wp-json\/wp\/v2\/product\/6501","targetHints":{"allow":["GET"]}}],"collection":[{"href":"https:\/\/seibersdorfer.at\/en\/wp-json\/wp\/v2\/product"}],"about":[{"href":"https:\/\/seibersdorfer.at\/en\/wp-json\/wp\/v2\/types\/product"}],"wp:featuredmedia":[{"embeddable":true,"href":"https:\/\/seibersdorfer.at\/en\/wp-json\/wp\/v2\/media\/6530"}],"wp:attachment":[{"href":"https:\/\/seibersdorfer.at\/en\/wp-json\/wp\/v2\/media?parent=6501"}],"wp:term":[{"taxonomy":"product_brand","embeddable":true,"href":"https:\/\/seibersdorfer.at\/en\/wp-json\/wp\/v2\/product_brand?post=6501"},{"taxonomy":"product_cat","embeddable":true,"href":"https:\/\/seibersdorfer.at\/en\/wp-json\/wp\/v2\/product_cat?post=6501"},{"taxonomy":"product_tag","embeddable":true,"href":"https:\/\/seibersdorfer.at\/en\/wp-json\/wp\/v2\/product_tag?post=6501"}],"curies":[{"name":"wp","href":"https:\/\/api.w.org\/{rel}","templated":true}]}}